{"id":192,"date":"2021-07-28T20:56:53","date_gmt":"2021-07-28T20:56:53","guid":{"rendered":"https:\/\/rituelhairstudio.com\/home\/"},"modified":"2026-03-30T10:47:40","modified_gmt":"2026-03-30T10:47:40","slug":"home","status":"publish","type":"page","link":"https:\/\/rituelhairstudio.com\/en\/","title":{"rendered":"Rituel Hair Studio"},"content":{"rendered":"<p>[et_pb_section fb_built=&#8221;1&#8243; _builder_version=&#8221;4.18.0&#8243; _module_preset=&#8221;default&#8221; custom_margin=&#8221;0px||0px||true|false&#8221; custom_padding=&#8221;20px||50px||false|false&#8221; bottom_divider_style=&#8221;slant2&#8243; bottom_divider_color=&#8221;rgba(70,94,63,0.27)&#8221; bottom_divider_height=&#8221;60px&#8221; bottom_divider_flip=&#8221;horizontal&#8221; bottom_divider_height_tablet=&#8221;60px&#8221; bottom_divider_height_phone=&#8221;20px&#8221; bottom_divider_height_last_edited=&#8221;on|phone&#8221; global_colors_info=&#8221;{}&#8221;][et_pb_row column_structure=&#8221;1_2,1_2&#8243; _builder_version=&#8221;4.18.0&#8243; _module_preset=&#8221;default&#8221; width=&#8221;95%&#8221; custom_padding=&#8221;||4px|||&#8221; global_colors_info=&#8221;{}&#8221;][et_pb_column type=&#8221;1_2&#8243; _builder_version=&#8221;4.16&#8243; _module_preset=&#8221;default&#8221; global_colors_info=&#8221;{}&#8221;][et_pb_slider _builder_version=&#8221;4.18.0&#8243; _module_preset=&#8221;default&#8221; min_height=&#8221;400px&#8221; min_height_tablet=&#8221;500px&#8221; min_height_phone=&#8221;300px&#8221; min_height_last_edited=&#8221;on|desktop&#8221; auto=&#8221;on&#8221; auto_speed=&#8221;3000&#8243; box_shadow_style=&#8221;preset1&#8243; box_shadow_color=&#8221;rgba(70,94,63,0.55)&#8221; global_colors_info=&#8221;{}&#8221;][et_pb_slide _builder_version=&#8221;4.18.0&#8243; _module_preset=&#8221;default&#8221; background_enable_color=&#8221;off&#8221; background_image=&#8221;https:\/\/rituelhairstudio.com\/wp-content\/uploads\/2022\/09\/Rituel-hair-studio-aveda-vevey-facade-1.webp&#8221; background_enable_image=&#8221;on&#8221; global_colors_info=&#8221;{}&#8221; sticky_transition=&#8221;on&#8221;][\/et_pb_slide][et_pb_slide _builder_version=&#8221;4.18.0&#8243; _module_preset=&#8221;default&#8221; background_enable_color=&#8221;off&#8221; background_image=&#8221;https:\/\/rituelhairstudio.com\/wp-content\/uploads\/2024\/08\/Rituel-hair-studio-salon-coiffure-aveda-vevey.webp&#8221; background_enable_image=&#8221;on&#8221; global_colors_info=&#8221;{}&#8221; sticky_transition=&#8221;on&#8221;][\/et_pb_slide][et_pb_slide _builder_version=&#8221;4.18.0&#8243; _module_preset=&#8221;default&#8221; background_enable_color=&#8221;off&#8221; background_image=&#8221;https:\/\/rituelhairstudio.com\/wp-content\/uploads\/2024\/08\/Rituel-hair-studio-salon-vevey.webp&#8221; background_enable_image=&#8221;on&#8221; global_colors_info=&#8221;{}&#8221; sticky_transition=&#8221;on&#8221;][\/et_pb_slide][et_pb_slide _builder_version=&#8221;4.18.0&#8243; _module_preset=&#8221;default&#8221; background_enable_color=&#8221;off&#8221; background_image=&#8221;https:\/\/rituelhairstudio.com\/wp-content\/uploads\/2024\/08\/Rituel-hair-studio-salon-coiffure-aveda-massage-bien-e\u0302tre.webp&#8221; background_enable_image=&#8221;on&#8221; global_colors_info=&#8221;{}&#8221; sticky_transition=&#8221;on&#8221;][\/et_pb_slide][\/et_pb_slider][\/et_pb_column][et_pb_column type=&#8221;1_2&#8243; _builder_version=&#8221;4.16&#8243; _module_preset=&#8221;default&#8221; global_colors_info=&#8221;{}&#8221;][et_pb_text _builder_version=&#8221;4.16&#8243; _module_preset=&#8221;default&#8221; text_text_color=&#8221;#313E2D&#8221; header_2_text_color=&#8221;#313E2D&#8221; custom_margin=&#8221;5px|||||&#8221; global_colors_info=&#8221;{}&#8221;]<\/p>\n<h1>RITUEL HAIR STUDIO<\/h1>\n<p>Is placed in the heart of the old town of Vevey in the small authentic streets near the lake.<\/p>\n<p>The Rue des Deux March\u00e9s is a stone&#8217;s throw from the parking lot of the Coop rue du Simplon and the Place du March\u00e9 of Vevey.<\/p>\n<p>We want you to be our guest, have a glass or two of organic wine, Aveda tea or coffee with us and relax after a long day.<\/p>\n<p>Let yourself be guided, enjoy the scent of Aveda oils and natural hair products and leave our salon not only with a new look, but also with a relaxed mind.<\/p>\n<p>We make sure your experience is a memorable one, one that stays in memory as long as your hair is fabulous.<\/p>\n<p>[\/et_pb_text][\/et_pb_column][\/et_pb_row][\/et_pb_section][et_pb_section fb_built=&#8221;1&#8243; _builder_version=&#8221;4.18.0&#8243; _module_preset=&#8221;default&#8221; custom_margin=&#8221;2px||2px||true|false&#8221; custom_padding=&#8221;60px||60px||true|false&#8221; top_divider_style=&#8221;slant2&#8243; top_divider_color=&#8221;rgba(70,94,63,0.27)&#8221; top_divider_height=&#8221;60px&#8221; top_divider_repeat=&#8221;1x&#8221; top_divider_height_tablet=&#8221;60px&#8221; top_divider_height_phone=&#8221;20px&#8221; top_divider_height_last_edited=&#8221;on|phone&#8221; bottom_divider_style=&#8221;slant2&#8243; bottom_divider_color=&#8221;rgba(70,94,63,0.27)&#8221; bottom_divider_height=&#8221;60px&#8221; bottom_divider_height_tablet=&#8221;60px&#8221; bottom_divider_height_phone=&#8221;20px&#8221; bottom_divider_height_last_edited=&#8221;on|phone&#8221; border_color_all=&#8221;RGBA(0,0,0,0)&#8221; global_colors_info=&#8221;{}&#8221;][et_pb_row column_structure=&#8221;3_5,2_5&#8243; _builder_version=&#8221;4.16&#8243; _module_preset=&#8221;default&#8221; width=&#8221;95%&#8221; custom_padding=&#8221;||4px|||&#8221; global_colors_info=&#8221;{}&#8221;][et_pb_column type=&#8221;3_5&#8243; _builder_version=&#8221;4.16&#8243; _module_preset=&#8221;default&#8221; global_colors_info=&#8221;{}&#8221;][et_pb_text _builder_version=&#8221;4.16&#8243; _module_preset=&#8221;default&#8221; text_text_color=&#8221;#313E2D&#8221; header_2_text_color=&#8221;#313E2D&#8221; header_2_font_size=&#8221;18px&#8221; global_colors_info=&#8221;{}&#8221;]<\/p>\n<h2>Murielle Bourdais<\/h2>\n<p>Hairdresser at <strong>Rituel hair studio<\/strong>, with an international career.<\/p>\n<p>Murielle is a French hairdresser who worked in the Paris region for a few years before fulfilling her dream of living in London&#8230;<\/p>\n<p>In 1997, she left for the adventure and after several years, she got a job at the AVEDA hair salon in the <strong>HARRODS<\/strong> salon as &#8220;hair creative stylist&#8221; surrounded by an international team. She stayed there for 10 years, developing her artistic side by working in &#8220;photoshooting&#8221; and &#8220;fashion week&#8221;, and did hair for international brides and grooms with a very meticulous and careful work, with precious and royal London clients.<\/p>\n<p>In 2013, she decided to move to Switzerland for a calmer and more serene life. She started as a team leader at a J. Dessanges salon and, within a few years, rediscovered her passion for working with Aveda at <strong>Lausanne Palace<\/strong> and then in <strong>Montreux<\/strong>, which offers 96% organic coloring.<\/p>\n<p>Today Murielle has finally decided to open her own salon <strong>Rituel hair studio<\/strong> in the city of VEVEY following her passion for Aveda.<\/p>\n<p>[\/et_pb_text][\/et_pb_column][et_pb_column type=&#8221;2_5&#8243; _builder_version=&#8221;4.16&#8243; _module_preset=&#8221;default&#8221; global_colors_info=&#8221;{}&#8221;][et_pb_image src=&#8221;https:\/\/rituelhairstudio.com\/wp-content\/uploads\/2021\/06\/Murielle-portrait-scaled.jpg&#8221; title_text=&#8221;Murielle portrait&#8221; _builder_version=&#8221;4.16&#8243; _module_preset=&#8221;default&#8221; width=&#8221;300px&#8221; width_tablet=&#8221;150px&#8221; width_phone=&#8221;150px&#8221; width_last_edited=&#8221;on|phone&#8221; module_alignment=&#8221;center&#8221; custom_padding=&#8221;9px|||||&#8221; custom_padding_tablet=&#8221;0px||||false|false&#8221; custom_padding_phone=&#8221;&#8221; custom_padding_last_edited=&#8221;on|phone&#8221; box_shadow_style=&#8221;preset1&#8243; global_colors_info=&#8221;{}&#8221;][\/et_pb_image][\/et_pb_column][\/et_pb_row][\/et_pb_section][et_pb_section fb_built=&#8221;1&#8243; disabled_on=&#8221;off|off|off&#8221; _builder_version=&#8221;4.18.0&#8243; _module_preset=&#8221;default&#8221; custom_margin=&#8221;0px||0px||true|false&#8221; custom_padding=&#8221;60px||60px||true|false&#8221; top_divider_style=&#8221;slant2&#8243; top_divider_color=&#8221;rgba(70,94,63,0.27)&#8221; top_divider_height=&#8221;60px&#8221; top_divider_repeat=&#8221;1x&#8221; top_divider_flip=&#8221;horizontal&#8221; top_divider_height_tablet=&#8221;60px&#8221; top_divider_height_phone=&#8221;20px&#8221; top_divider_height_last_edited=&#8221;on|phone&#8221; bottom_divider_style=&#8221;slant2&#8243; bottom_divider_color=&#8221;rgba(70,94,63,0.27)&#8221; bottom_divider_height=&#8221;60px&#8221; bottom_divider_flip=&#8221;horizontal&#8221; bottom_divider_height_tablet=&#8221;60px&#8221; bottom_divider_height_phone=&#8221;20px&#8221; bottom_divider_height_last_edited=&#8221;on|phone&#8221; hover_enabled=&#8221;0&#8243; border_color_all=&#8221;RGBA(0,0,0,0)&#8221; global_colors_info=&#8221;{}&#8221; sticky_enabled=&#8221;0&#8243;][et_pb_row column_structure=&#8221;2_5,3_5&#8243; _builder_version=&#8221;4.18.0&#8243; _module_preset=&#8221;default&#8221; width=&#8221;95%&#8221; custom_padding=&#8221;||4px|||&#8221; global_colors_info=&#8221;{}&#8221;][et_pb_column type=&#8221;2_5&#8243; _builder_version=&#8221;4.16&#8243; _module_preset=&#8221;default&#8221; global_colors_info=&#8221;{}&#8221;][et_pb_image src=&#8221;https:\/\/rituelhairstudio.com\/wp-content\/uploads\/2026\/03\/n-5MGq8YXjAgwdeqLebDljL-lg-opt.webp&#8221; title_text=&#8221;n-5MGq8YXjAgwdeqLebDljL-lg&#8211;opt&#8221; _builder_version=&#8221;4.18.0&#8243; _module_preset=&#8221;default&#8221; width=&#8221;300px&#8221; width_tablet=&#8221;150px&#8221; width_phone=&#8221;150px&#8221; width_last_edited=&#8221;on|phone&#8221; module_alignment=&#8221;center&#8221; custom_padding=&#8221;9px|||||&#8221; custom_padding_tablet=&#8221;0px||||false|false&#8221; custom_padding_phone=&#8221;&#8221; custom_padding_last_edited=&#8221;on|phone&#8221; hover_enabled=&#8221;0&#8243; box_shadow_style=&#8221;preset1&#8243; global_colors_info=&#8221;{}&#8221; sticky_enabled=&#8221;0&#8243; border_radii=&#8221;on|150px|150px|150px|150px&#8221;][\/et_pb_image][\/et_pb_column][et_pb_column type=&#8221;3_5&#8243; _builder_version=&#8221;4.16&#8243; _module_preset=&#8221;default&#8221; global_colors_info=&#8221;{}&#8221;][et_pb_text _builder_version=&#8221;4.18.0&#8243; _module_preset=&#8221;default&#8221; text_text_color=&#8221;#313E2D&#8221; header_2_text_color=&#8221;#313E2D&#8221; header_2_font_size=&#8221;18px&#8221; hover_enabled=&#8221;0&#8243; global_colors_info=&#8221;{}&#8221; sticky_enabled=&#8221;0&#8243;]<\/p>\n<h2>Rozenn<\/h2>\n<p>Rozenn Daniel is a hairdresser for women and men, as well as a barber. She is an expert in Aveda color and cutting and is originally from Brittany. <\/p>\n<p>She practices her profession with passion, gentleness, and kindness. She holds a CAP diploma and a professional certificate, and has managed a hair salon in Nantes. Her experience has been enriched by professional adventures in French Polynesia (Tahiti), Australia, and finally Blonay, Switzerland.  <\/p>\n<p>Driven by a love of beauty and well-being, Rozenn places great importance on listening and attention to detail. She takes the time to understand her clients in order to create hairstyles that reveal their personality and enhance their natural features. <\/p>\n<p>For her, hairdressing is above all a moment of relaxation, trust, and connection.<\/p>\n<p>Rozenn works 80%: Tuesday, Wednesday, Thursday, and Friday.<\/p>\n<p>Rozenn speaks fluent English and French.[\/et_pb_text][\/et_pb_column][\/et_pb_row][\/et_pb_section][et_pb_section fb_built=&#8221;1&#8243; module_id=&#8221;aveda&#8221; _builder_version=&#8221;4.18.0&#8243; _module_preset=&#8221;default&#8221; custom_margin=&#8221;2px||2px||true|false&#8221; custom_padding=&#8221;27px|||||&#8221; top_divider_style=&#8221;slant2&#8243; top_divider_color=&#8221;rgba(70,94,63,0.27)&#8221; top_divider_height=&#8221;60px&#8221; top_divider_height_tablet=&#8221;60px&#8221; top_divider_height_phone=&#8221;20px&#8221; top_divider_height_last_edited=&#8221;on|phone&#8221; bottom_divider_style=&#8221;slant2&#8243; bottom_divider_color=&#8221;rgba(70,94,63,0.27)&#8221; bottom_divider_height=&#8221;60px&#8221; bottom_divider_height_tablet=&#8221;60px&#8221; bottom_divider_height_phone=&#8221;20px&#8221; bottom_divider_height_last_edited=&#8221;on|phone&#8221; global_colors_info=&#8221;{}&#8221;][et_pb_row column_structure=&#8221;1_2,1_2&#8243; _builder_version=&#8221;4.16&#8243; _module_preset=&#8221;default&#8221; width=&#8221;95%&#8221; custom_padding=&#8221;||4px|||&#8221; global_colors_info=&#8221;{}&#8221;][et_pb_column type=&#8221;1_2&#8243; _builder_version=&#8221;4.16&#8243; _module_preset=&#8221;default&#8221; global_colors_info=&#8221;{}&#8221;][et_pb_image src=&#8221;https:\/\/rituelhairstudio.com\/wp-content\/uploads\/2021\/07\/Aveda-Logo-salon-vevey-suisse.png&#8221; title_text=&#8221;Aveda Logo salon vevey switzerland&#8221; align=&#8221;center&#8221; _builder_version=&#8221;4.16&#8243; _module_preset=&#8221;default&#8221; width=&#8221;50%&#8221; module_alignment=&#8221;center&#8221; global_colors_info=&#8221;{}&#8221;][\/et_pb_image][et_pb_text _builder_version=&#8221;4.16&#8243; _module_preset=&#8221;default&#8221; text_text_color=&#8221;#313E2D&#8221; header_2_text_color=&#8221;#313E2D&#8221; header_2_font_size=&#8221;18px&#8221; global_colors_info=&#8221;{}&#8221;]<\/p>\n<h2>The Aveda products<\/h2>\n<p> are high quality, cruelty-free and herbal. You can stay true to your values \u200b\u200band use sustainably sourced, plant-based ingredients that actually work.<\/p>\n<p>We are proud to be an Aveda hair salon and love to create looks that are as glamorous as they are natural using only long-lasting Aveda hair products and naturally sourced colors.<\/p>\n<p>We strive to cause as little environmental damage as possible, so the team shares extensive knowledge of the Aveda products that we use to cut and style every customer.<\/p>\n<p>Up to 96% natural, Aveda Color is vibrant &#8211; designed to enhance your hair. The Aveda Full Spectrum Color Line is customized for you, guaranteed to deliver personalized, one-of-a-kind results.<\/p>\n<p>Aveda helps us make everyone in our space feel pampered, cared for and inspired, without impacting animals and the planet. Yes, together.[\/et_pb_text][\/et_pb_column][et_pb_column type=&#8221;1_2&#8243; _builder_version=&#8221;4.16&#8243; _module_preset=&#8221;default&#8221; global_colors_info=&#8221;{}&#8221;][et_pb_image src=&#8221;https:\/\/rituelhairstudio.com\/wp-content\/uploads\/2021\/07\/produits-aveda-suisse-vevey-1-1024&#215;732.png&#8221; title_text=&#8221;aveda products switzerland vevey&#8221; align_tablet=&#8221;center&#8221; align_phone=&#8221;&#8221; align_last_edited=&#8221;on|phone&#8221; _builder_version=&#8221;4.16&#8243; _module_preset=&#8221;default&#8221; max_height_tablet=&#8221;300px&#8221; max_height_phone=&#8221;200px&#8221; max_height_last_edited=&#8221;on|tablet&#8221; custom_padding=&#8221;147px|||||&#8221; custom_padding_tablet=&#8221;0px||||false|false&#8221; custom_padding_phone=&#8221;&#8221; custom_padding_last_edited=&#8221;on|phone&#8221; module_alignment_tablet=&#8221;center&#8221; module_alignment_last_edited=&#8221;off|tablet&#8221; global_colors_info=&#8221;{}&#8221;][\/et_pb_image][\/et_pb_column][\/et_pb_row][\/et_pb_section][et_pb_section fb_built=&#8221;1&#8243; module_id=&#8221;map&#8221; _builder_version=&#8221;4.18.0&#8243; _module_preset=&#8221;default&#8221; custom_margin=&#8221;2px||2px||true|false&#8221; custom_padding=&#8221;26px|||||&#8221; top_divider_style=&#8221;slant2&#8243; top_divider_color=&#8221;rgba(70,94,63,0.27)&#8221; top_divider_height=&#8221;80px&#8221; top_divider_flip=&#8221;horizontal&#8221; top_divider_height_tablet=&#8221;80px&#8221; top_divider_height_phone=&#8221;20px&#8221; top_divider_height_last_edited=&#8221;on|phone&#8221; bottom_divider_style=&#8221;slant2&#8243; bottom_divider_color=&#8221;rgba(70,94,63,0.27)&#8221; bottom_divider_height=&#8221;60px&#8221; bottom_divider_flip=&#8221;horizontal&#8221; bottom_divider_height_tablet=&#8221;60px&#8221; bottom_divider_height_phone=&#8221;20px&#8221; bottom_divider_height_last_edited=&#8221;on|phone&#8221; global_colors_info=&#8221;{}&#8221;][et_pb_row _builder_version=&#8221;4.16&#8243; _module_preset=&#8221;default&#8221; module_alignment=&#8221;center&#8221; custom_padding=&#8221;62px|||||&#8221; global_colors_info=&#8221;{}&#8221;][et_pb_column type=&#8221;4_4&#8243; _builder_version=&#8221;4.16&#8243; _module_preset=&#8221;default&#8221; global_colors_info=&#8221;{}&#8221;][et_pb_text _builder_version=&#8221;4.16&#8243; _module_preset=&#8221;default&#8221; text_orientation=&#8221;center&#8221; global_colors_info=&#8221;{}&#8221;]<\/p>\n<h2>Opening hours and location of the Salon<\/h2>\n<p>[\/et_pb_text][et_pb_image src=&#8221;https:\/\/rituelhairstudio.com\/wp-content\/uploads\/2021\/06\/separateur-300&#215;99.png&#8221; title_text=&#8221;separateur&#8221; align=&#8221;center&#8221; _builder_version=&#8221;4.16&#8243; _module_preset=&#8221;default&#8221; width=&#8221;20%&#8221; global_colors_info=&#8221;{}&#8221;][\/et_pb_image][\/et_pb_column][\/et_pb_row][et_pb_row column_structure=&#8221;2_5,3_5&#8243; use_custom_gutter=&#8221;on&#8221; gutter_width=&#8221;1&#8243; _builder_version=&#8221;4.16&#8243; _module_preset=&#8221;default&#8221; width=&#8221;95%&#8221; custom_padding=&#8221;||4px|||&#8221; global_colors_info=&#8221;{}&#8221;][et_pb_column type=&#8221;2_5&#8243; _builder_version=&#8221;4.16&#8243; _module_preset=&#8221;default&#8221; global_colors_info=&#8221;{}&#8221;][et_pb_text _builder_version=&#8221;4.16&#8243; _module_preset=&#8221;default&#8221; header_3_text_align=&#8221;center&#8221; custom_margin=&#8221;||-4px|||&#8221; global_colors_info=&#8221;{}&#8221;]<\/p>\n<h3>Opening hours<\/h3>\n<p>[\/et_pb_text][et_pb_divider divider_weight=&#8221;4px&#8221; _builder_version=&#8221;4.16&#8243; _module_preset=&#8221;default&#8221; width=&#8221;25%&#8221; module_alignment=&#8221;center&#8221; custom_margin=&#8221;||-1px|||&#8221; global_colors_info=&#8221;{}&#8221;][\/et_pb_divider][et_pb_text _builder_version=&#8221;4.18.0&#8243; _module_preset=&#8221;default&#8221; text_text_color=&#8221;#313E2D&#8221; text_orientation=&#8221;center&#8221; max_width=&#8221;200px&#8221; module_alignment=&#8221;center&#8221; min_height=&#8221;164.6px&#8221; custom_margin=&#8221;0px||30px||false|false&#8221; global_colors_info=&#8221;{}&#8221;]Monday: 9:00 \u2013 18:30<br \/>\nTuesday: 9:00 \u2013 18:30<br \/>\nWednesday: 9:00 \u2013 18:30<br \/>\nThursday: 9:00 \u2013 19:30<br \/>\nFriday: 9:00 \u2013 19:30<br \/>\nSaturday: 8:30 \u2013 17:00<br \/>\nSunday: closed[\/et_pb_text][et_pb_text _builder_version=&#8221;4.16&#8243; _module_preset=&#8221;default&#8221; header_3_text_align=&#8221;center&#8221; custom_margin=&#8221;||-4px|||&#8221; global_colors_info=&#8221;{}&#8221;]<\/p>\n<h3>Address<\/h3>\n<p>[\/et_pb_text][et_pb_divider divider_weight=&#8221;4px&#8221; _builder_version=&#8221;4.16&#8243; _module_preset=&#8221;default&#8221; width=&#8221;25%&#8221; module_alignment=&#8221;center&#8221; custom_margin=&#8221;||-1px|||&#8221; global_colors_info=&#8221;{}&#8221;][\/et_pb_divider][et_pb_text _builder_version=&#8221;4.16&#8243; _module_preset=&#8221;default&#8221; text_orientation=&#8221;center&#8221; custom_margin=&#8221;||30px||false|false&#8221; global_colors_info=&#8221;{}&#8221;]<\/p>\n<p>Rue des Deux March\u00e9s 8<br \/>1800 Vevey<\/p>\n<p>[\/et_pb_text][et_pb_text _builder_version=&#8221;4.16&#8243; _module_preset=&#8221;default&#8221; header_3_text_align=&#8221;center&#8221; custom_margin=&#8221;||-4px|||&#8221; global_colors_info=&#8221;{}&#8221;]<\/p>\n<h3>Make an appointment<\/h3>\n<p>[\/et_pb_text][et_pb_divider divider_weight=&#8221;4px&#8221; _builder_version=&#8221;4.16&#8243; _module_preset=&#8221;default&#8221; width=&#8221;25%&#8221; module_alignment=&#8221;center&#8221; custom_margin=&#8221;||-1px|||&#8221; global_colors_info=&#8221;{}&#8221;][\/et_pb_divider][et_pb_button button_url=&#8221;https:\/\/salonkee.ch\/salon\/rituel-hair-studio\/widget&#8221; url_new_window=&#8221;on&#8221; button_text=&#8221;Book an appointment now online&#8221; button_alignment=&#8221;center&#8221; _builder_version=&#8221;4.18.0&#8243; _module_preset=&#8221;default&#8221; custom_button=&#8221;on&#8221; button_text_size=&#8221;16px&#8221; button_text_color=&#8221;#FFFEF3&#8243; button_bg_color=&#8221;#ADB88B&#8221; button_border_color=&#8221;#313E2D&#8221; button_icon=&#8221;&#xe01a;||divi||400&#8243; button_icon_placement=&#8221;left&#8221; button_on_hover=&#8221;off&#8221; custom_margin=&#8221;||10px|||&#8221; custom_padding=&#8221;|32px||32px|false|true&#8221; global_colors_info=&#8221;{}&#8221;][\/et_pb_button][et_pb_text _builder_version=&#8221;4.16&#8243; _module_preset=&#8221;default&#8221; text_orientation=&#8221;center&#8221; custom_margin=&#8221;||4px|||&#8221; global_colors_info=&#8221;{}&#8221;]<\/p>\n<p>or call me on 021 921 36 80<\/p>\n<p>[\/et_pb_text][et_pb_button button_url=&#8221;tel:+41219213680&#8243; button_text=&#8221;Call the Salon&#8221; button_alignment=&#8221;center&#8221; _builder_version=&#8221;4.16&#8243; _module_preset=&#8221;default&#8221; custom_button=&#8221;on&#8221; button_text_size=&#8221;16px&#8221; button_text_color=&#8221;#313E2D&#8221; button_bg_color=&#8221;#FFFEF3&#8243; button_border_color=&#8221;#313E2D&#8221; button_icon=&#8221;&#xe090;||divi||400&#8243; button_icon_placement=&#8221;left&#8221; button_on_hover=&#8221;off&#8221; custom_margin_tablet=&#8221;||30px||false|false&#8221; custom_margin_phone=&#8221;&#8221; custom_margin_last_edited=&#8221;on|phone&#8221; custom_padding=&#8221;|32px||32px|false|true&#8221; global_colors_info=&#8221;{}&#8221;][\/et_pb_button][\/et_pb_column][et_pb_column type=&#8221;3_5&#8243; _builder_version=&#8221;4.16&#8243; _module_preset=&#8221;default&#8221; global_colors_info=&#8221;{}&#8221;][et_pb_image src=&#8221;https:\/\/rituelhairstudio.com\/wp-content\/uploads\/2021\/07\/Map-Rituel-hair-spa-small.jpg&#8221; title_text=&#8221;Map Rituel hair spa small&#8221; _builder_version=&#8221;4.16&#8243; _module_preset=&#8221;default&#8221; custom_margin=&#8221;1px|||||&#8221; global_colors_info=&#8221;{}&#8221;][\/et_pb_image][\/et_pb_column][\/et_pb_row][\/et_pb_section][et_pb_section fb_built=&#8221;1&#8243; custom_padding_last_edited=&#8221;on|phone&#8221; _builder_version=&#8221;4.18.0&#8243; _module_preset=&#8221;default&#8221; custom_margin=&#8221;2px||2px||true|false&#8221; custom_padding=&#8221;26px|||||&#8221; custom_padding_tablet=&#8221;||0px||false|false&#8221; custom_padding_phone=&#8221;&#8221; top_divider_style=&#8221;slant2&#8243; top_divider_color=&#8221;rgba(70,94,63,0.27)&#8221; top_divider_height=&#8221;60px&#8221; top_divider_height_tablet=&#8221;60px&#8221; top_divider_height_phone=&#8221;20px&#8221; top_divider_height_last_edited=&#8221;on|phone&#8221; bottom_divider_style=&#8221;slant2&#8243; bottom_divider_color=&#8221;rgba(70,94,63,0.27)&#8221; bottom_divider_height=&#8221;60px&#8221; bottom_divider_height_tablet=&#8221;60px&#8221; bottom_divider_height_phone=&#8221;20px&#8221; bottom_divider_height_last_edited=&#8221;on|phone&#8221; global_colors_info=&#8221;{}&#8221;][et_pb_row _builder_version=&#8221;4.16&#8243; _module_preset=&#8221;default&#8221; module_alignment=&#8221;center&#8221; custom_padding=&#8221;15px|||||&#8221; global_colors_info=&#8221;{}&#8221;][et_pb_column type=&#8221;4_4&#8243; _builder_version=&#8221;4.16&#8243; _module_preset=&#8221;default&#8221; global_colors_info=&#8221;{}&#8221;][et_pb_text _builder_version=&#8221;4.16&#8243; _module_preset=&#8221;default&#8221; text_orientation=&#8221;center&#8221; global_colors_info=&#8221;{}&#8221;]<\/p>\n<h2>My latest social posts<\/h2>\n<p>[\/et_pb_text][et_pb_image src=&#8221;https:\/\/rituelhairstudio.com\/wp-content\/uploads\/2021\/06\/separateur-300&#215;99.png&#8221; title_text=&#8221;separateur&#8221; align=&#8221;center&#8221; _builder_version=&#8221;4.16&#8243; _module_preset=&#8221;default&#8221; width=&#8221;20%&#8221; global_colors_info=&#8221;{}&#8221;][\/et_pb_image][\/et_pb_column][\/et_pb_row][et_pb_row use_custom_gutter=&#8221;on&#8221; gutter_width=&#8221;1&#8243; _builder_version=&#8221;4.18.0&#8243; _module_preset=&#8221;default&#8221; global_colors_info=&#8221;{}&#8221;][et_pb_column type=&#8221;4_4&#8243; _builder_version=&#8221;4.18.0&#8243; _module_preset=&#8221;default&#8221; global_colors_info=&#8221;{}&#8221;][et_pb_gallery gallery_ids=&#8221;284,149,143,272,319,153,145,139&#8243; gallery_orderby=&#8221;rand&#8221; posts_number=&#8221;9&#8243; orientation=&#8221;portrait&#8221; show_title_and_caption=&#8221;off&#8221; show_pagination=&#8221;off&#8221; zoom_icon_color=&#8221;rgba(70,94,63,0.11)&#8221; _builder_version=&#8221;4.18.0&#8243; _module_preset=&#8221;default&#8221; box_shadow_style_image=&#8221;preset6&#8243; box_shadow_blur_image=&#8221;8px&#8221; global_colors_info=&#8221;{}&#8221;][\/et_pb_gallery][\/et_pb_column][\/et_pb_row][\/et_pb_section][et_pb_section fb_built=&#8221;1&#8243; disabled_on=&#8221;off|off|off&#8221; module_id=&#8221;tarifs&#8221; _builder_version=&#8221;4.18.0&#8243; _module_preset=&#8221;default&#8221; custom_margin=&#8221;2px||2px||true|false&#8221; custom_padding=&#8221;26px|||||&#8221; top_divider_style=&#8221;slant2&#8243; top_divider_color=&#8221;rgba(70,94,63,0.27)&#8221; top_divider_height=&#8221;60px&#8221; top_divider_flip=&#8221;horizontal&#8221; top_divider_height_tablet=&#8221;60px&#8221; top_divider_height_phone=&#8221;20px&#8221; top_divider_height_last_edited=&#8221;on|phone&#8221; bottom_divider_height_tablet=&#8221;&#8221; bottom_divider_height_phone=&#8221;20px&#8221; bottom_divider_height_last_edited=&#8221;on|phone&#8221; global_colors_info=&#8221;{}&#8221;][et_pb_row _builder_version=&#8221;4.16&#8243; _module_preset=&#8221;default&#8221; module_alignment=&#8221;center&#8221; custom_padding=&#8221;15px|||||&#8221; global_colors_info=&#8221;{}&#8221;][et_pb_column type=&#8221;4_4&#8243; _builder_version=&#8221;4.16&#8243; _module_preset=&#8221;default&#8221; global_colors_info=&#8221;{}&#8221;][et_pb_text _builder_version=&#8221;4.16&#8243; _module_preset=&#8221;default&#8221; text_orientation=&#8221;center&#8221; global_colors_info=&#8221;{}&#8221;]<\/p>\n<h2>Price list for men and women<\/h2>\n<p>[\/et_pb_text][et_pb_image src=&#8221;https:\/\/rituelhairstudio.com\/wp-content\/uploads\/2021\/06\/separateur-300&#215;99.png&#8221; title_text=&#8221;separateur&#8221; align=&#8221;center&#8221; _builder_version=&#8221;4.16&#8243; _module_preset=&#8221;default&#8221; width=&#8221;20%&#8221; global_colors_info=&#8221;{}&#8221;][\/et_pb_image][\/et_pb_column][\/et_pb_row][et_pb_row _builder_version=&#8221;4.16&#8243; _module_preset=&#8221;default&#8221; custom_padding=&#8221;10px|||||&#8221; global_colors_info=&#8221;{}&#8221;][et_pb_column type=&#8221;4_4&#8243; _builder_version=&#8221;4.16&#8243; _module_preset=&#8221;default&#8221; global_colors_info=&#8221;{}&#8221;][et_pb_text _builder_version=&#8221;4.18.0&#8243; _module_preset=&#8221;default&#8221; text_orientation=&#8221;center&#8221; custom_margin=&#8221;||11px|||&#8221; global_colors_info=&#8221;{}&#8221;]Please have a look through my list of services below[\/et_pb_text][et_pb_code _builder_version=&#8221;4.18.0&#8243; _module_preset=&#8221;default&#8221; width=&#8221;600px&#8221; max_width=&#8221;95%&#8221; module_alignment=&#8221;center&#8221; global_colors_info=&#8221;{}&#8221;]<a href=\"https:\/\/rituelhairstudio.com\/wp-content\/uploads\/2025\/07\/RITUEL-BROCHURE-2025-1.pdf\" class=\"pdfemb-viewer\" style=\"\" data-width=\"max\" data-height=\"max\"  data-toolbar=\"bottom\" data-toolbar-fixed=\"on\">RITUEL-BROCHURE-2025-1<br\/><\/a>[\/et_pb_code][\/et_pb_column][\/et_pb_row][\/et_pb_section]<\/p>\n","protected":false},"excerpt":{"rendered":"<p>RITUEL HAIR STUDIO Is placed in the heart of the old town of Vevey in the small authentic streets near the lake. The Rue des Deux March\u00e9s is a stone&#8217;s throw from the parking lot of the Coop rue du Simplon and the Place du March\u00e9 of Vevey. We want you to be our guest, [&hellip;]<\/p>\n","protected":false},"author":1,"featured_media":0,"parent":0,"menu_order":0,"comment_status":"closed","ping_status":"closed","template":"","meta":{"_et_pb_use_builder":"on","_et_pb_old_content":"","_et_gb_content_width":""},"yoast_head":"<!-- This site is optimized with the Yoast SEO plugin v19.6.1 - https:\/\/yoast.com\/wordpress\/plugins\/seo\/ -->\n<title>Rituel Hair Studio - Rituel Hair Studio - Salon de coiffure AVEDA \u00e0 Vevey<\/title>\n<meta name=\"description\" content=\"Murielle is an English-speaking experienced hairdresser and welcomes you in the heart of Vevey. Book an appointment online now !\" \/>\n<meta name=\"robots\" content=\"index, follow, max-snippet:-1, max-image-preview:large, max-video-preview:-1\" \/>\n<link rel=\"canonical\" href=\"https:\/\/rituelhairstudio.com\/en\/home\/\" \/>\n<meta property=\"og:locale\" content=\"en_US\" \/>\n<meta property=\"og:type\" content=\"article\" \/>\n<meta property=\"og:title\" content=\"Rituel Hair Studio - Rituel Hair Studio - Salon de coiffure AVEDA \u00e0 Vevey\" \/>\n<meta property=\"og:description\" content=\"Murielle is an English-speaking experienced hairdresser and welcomes you in the heart of Vevey. Book an appointment online now !\" \/>\n<meta property=\"og:url\" content=\"https:\/\/rituelhairstudio.com\/en\/home\/\" \/>\n<meta property=\"og:site_name\" content=\"Rituel Hair Studio - Salon de coiffure AVEDA \u00e0 Vevey\" \/>\n<meta property=\"article:publisher\" content=\"https:\/\/www.facebook.com\/rituelhairstudio\" \/>\n<meta property=\"article:modified_time\" content=\"2026-03-30T10:47:40+00:00\" \/>\n<meta name=\"twitter:card\" content=\"summary_large_image\" \/>\n<meta name=\"twitter:label1\" content=\"Est. reading time\" \/>\n\t<meta name=\"twitter:data1\" content=\"14 minutes\" \/>\n<script type=\"application\/ld+json\" class=\"yoast-schema-graph\">{\"@context\":\"https:\/\/schema.org\",\"@graph\":[{\"@type\":\"WebPage\",\"@id\":\"https:\/\/rituelhairstudio.com\/en\/home\/\",\"url\":\"https:\/\/rituelhairstudio.com\/en\/home\/\",\"name\":\"Rituel Hair Studio - Rituel Hair Studio - Salon de coiffure AVEDA \u00e0 Vevey\",\"isPartOf\":{\"@id\":\"https:\/\/rituelhairstudio.com\/#website\"},\"datePublished\":\"2021-07-28T20:56:53+00:00\",\"dateModified\":\"2026-03-30T10:47:40+00:00\",\"description\":\"Murielle is an English-speaking experienced hairdresser and welcomes you in the heart of Vevey. Book an appointment online now !\",\"breadcrumb\":{\"@id\":\"https:\/\/rituelhairstudio.com\/en\/home\/#breadcrumb\"},\"inLanguage\":\"en-US\",\"potentialAction\":[{\"@type\":\"ReadAction\",\"target\":[\"https:\/\/rituelhairstudio.com\/en\/home\/\"]}]},{\"@type\":\"BreadcrumbList\",\"@id\":\"https:\/\/rituelhairstudio.com\/en\/home\/#breadcrumb\",\"itemListElement\":[{\"@type\":\"ListItem\",\"position\":1,\"name\":\"Accueil\",\"item\":\"https:\/\/rituelhairstudio.com\/en\/home\/\"},{\"@type\":\"ListItem\",\"position\":2,\"name\":\"Rituel Hair Studio\"}]},{\"@type\":\"WebSite\",\"@id\":\"https:\/\/rituelhairstudio.com\/#website\",\"url\":\"https:\/\/rituelhairstudio.com\/\",\"name\":\"Rituel Hair Studio - Salon de coiffure AVEDA \u00e0 Vevey\",\"description\":\"Murielle vous re\u00e7oit dans son salon rue des Deux March\u00e9s \u00e0 Vevey pour toutes coiffures hommes et femmes\",\"publisher\":{\"@id\":\"https:\/\/rituelhairstudio.com\/#organization\"},\"potentialAction\":[{\"@type\":\"SearchAction\",\"target\":{\"@type\":\"EntryPoint\",\"urlTemplate\":\"https:\/\/rituelhairstudio.com\/?s={search_term_string}\"},\"query-input\":\"required name=search_term_string\"}],\"inLanguage\":\"en-US\"},{\"@type\":\"Organization\",\"@id\":\"https:\/\/rituelhairstudio.com\/#organization\",\"name\":\"Rituel Hair Studio - Aveda Vevey\",\"url\":\"https:\/\/rituelhairstudio.com\/\",\"sameAs\":[\"https:\/\/www.instagram.com\/rituelhairstudio\/\",\"https:\/\/www.facebook.com\/rituelhairstudio\"],\"logo\":{\"@type\":\"ImageObject\",\"inLanguage\":\"en-US\",\"@id\":\"https:\/\/rituelhairstudio.com\/#\/schema\/logo\/image\/\",\"url\":\"https:\/\/rituelhairstudio.com\/wp-content\/uploads\/2022\/09\/Logo-Rituel-Hair-Studio-Vevey-Aveda.png\",\"contentUrl\":\"https:\/\/rituelhairstudio.com\/wp-content\/uploads\/2022\/09\/Logo-Rituel-Hair-Studio-Vevey-Aveda.png\",\"width\":\"400\",\"height\":\"200\",\"caption\":\"Rituel Hair Studio - Aveda Vevey\"},\"image\":{\"@id\":\"https:\/\/rituelhairstudio.com\/#\/schema\/logo\/image\/\"}}]}<\/script>\n<!-- \/ Yoast SEO plugin. -->","yoast_head_json":{"title":"Rituel Hair Studio - Rituel Hair Studio - Salon de coiffure AVEDA \u00e0 Vevey","description":"Murielle is an English-speaking experienced hairdresser and welcomes you in the heart of Vevey. Book an appointment online now !","robots":{"index":"index","follow":"follow","max-snippet":"max-snippet:-1","max-image-preview":"max-image-preview:large","max-video-preview":"max-video-preview:-1"},"canonical":"https:\/\/rituelhairstudio.com\/en\/home\/","og_locale":"en_US","og_type":"article","og_title":"Rituel Hair Studio - Rituel Hair Studio - Salon de coiffure AVEDA \u00e0 Vevey","og_description":"Murielle is an English-speaking experienced hairdresser and welcomes you in the heart of Vevey. Book an appointment online now !","og_url":"https:\/\/rituelhairstudio.com\/en\/home\/","og_site_name":"Rituel Hair Studio - Salon de coiffure AVEDA \u00e0 Vevey","article_publisher":"https:\/\/www.facebook.com\/rituelhairstudio","article_modified_time":"2026-03-30T10:47:40+00:00","twitter_card":"summary_large_image","twitter_misc":{"Est. reading time":"14 minutes"},"schema":{"@context":"https:\/\/schema.org","@graph":[{"@type":"WebPage","@id":"https:\/\/rituelhairstudio.com\/en\/home\/","url":"https:\/\/rituelhairstudio.com\/en\/home\/","name":"Rituel Hair Studio - Rituel Hair Studio - Salon de coiffure AVEDA \u00e0 Vevey","isPartOf":{"@id":"https:\/\/rituelhairstudio.com\/#website"},"datePublished":"2021-07-28T20:56:53+00:00","dateModified":"2026-03-30T10:47:40+00:00","description":"Murielle is an English-speaking experienced hairdresser and welcomes you in the heart of Vevey. Book an appointment online now !","breadcrumb":{"@id":"https:\/\/rituelhairstudio.com\/en\/home\/#breadcrumb"},"inLanguage":"en-US","potentialAction":[{"@type":"ReadAction","target":["https:\/\/rituelhairstudio.com\/en\/home\/"]}]},{"@type":"BreadcrumbList","@id":"https:\/\/rituelhairstudio.com\/en\/home\/#breadcrumb","itemListElement":[{"@type":"ListItem","position":1,"name":"Accueil","item":"https:\/\/rituelhairstudio.com\/en\/home\/"},{"@type":"ListItem","position":2,"name":"Rituel Hair Studio"}]},{"@type":"WebSite","@id":"https:\/\/rituelhairstudio.com\/#website","url":"https:\/\/rituelhairstudio.com\/","name":"Rituel Hair Studio - Salon de coiffure AVEDA \u00e0 Vevey","description":"Murielle vous re\u00e7oit dans son salon rue des Deux March\u00e9s \u00e0 Vevey pour toutes coiffures hommes et femmes","publisher":{"@id":"https:\/\/rituelhairstudio.com\/#organization"},"potentialAction":[{"@type":"SearchAction","target":{"@type":"EntryPoint","urlTemplate":"https:\/\/rituelhairstudio.com\/?s={search_term_string}"},"query-input":"required name=search_term_string"}],"inLanguage":"en-US"},{"@type":"Organization","@id":"https:\/\/rituelhairstudio.com\/#organization","name":"Rituel Hair Studio - Aveda Vevey","url":"https:\/\/rituelhairstudio.com\/","sameAs":["https:\/\/www.instagram.com\/rituelhairstudio\/","https:\/\/www.facebook.com\/rituelhairstudio"],"logo":{"@type":"ImageObject","inLanguage":"en-US","@id":"https:\/\/rituelhairstudio.com\/#\/schema\/logo\/image\/","url":"https:\/\/rituelhairstudio.com\/wp-content\/uploads\/2022\/09\/Logo-Rituel-Hair-Studio-Vevey-Aveda.png","contentUrl":"https:\/\/rituelhairstudio.com\/wp-content\/uploads\/2022\/09\/Logo-Rituel-Hair-Studio-Vevey-Aveda.png","width":"400","height":"200","caption":"Rituel Hair Studio - Aveda Vevey"},"image":{"@id":"https:\/\/rituelhairstudio.com\/#\/schema\/logo\/image\/"}}]}},"_links":{"self":[{"href":"https:\/\/rituelhairstudio.com\/en\/wp-json\/wp\/v2\/pages\/192"}],"collection":[{"href":"https:\/\/rituelhairstudio.com\/en\/wp-json\/wp\/v2\/pages"}],"about":[{"href":"https:\/\/rituelhairstudio.com\/en\/wp-json\/wp\/v2\/types\/page"}],"author":[{"embeddable":true,"href":"https:\/\/rituelhairstudio.com\/en\/wp-json\/wp\/v2\/users\/1"}],"replies":[{"embeddable":true,"href":"https:\/\/rituelhairstudio.com\/en\/wp-json\/wp\/v2\/comments?post=192"}],"version-history":[{"count":151,"href":"https:\/\/rituelhairstudio.com\/en\/wp-json\/wp\/v2\/pages\/192\/revisions"}],"predecessor-version":[{"id":564,"href":"https:\/\/rituelhairstudio.com\/en\/wp-json\/wp\/v2\/pages\/192\/revisions\/564"}],"wp:attachment":[{"href":"https:\/\/rituelhairstudio.com\/en\/wp-json\/wp\/v2\/media?parent=192"}],"curies":[{"name":"wp","href":"https:\/\/api.w.org\/{rel}","templated":true}]}}